{"id":1554,"date":"2026-09-02T21:58:00","date_gmt":"2026-09-03T00:58:00","guid":{"rendered":"https:\/\/brasil.wordcamp.org\/2026\/?page_id=1554"},"modified":"2026-09-03T16:45:54","modified_gmt":"2026-09-03T19:45:54","slug":"a-conferencia","status":"publish","type":"page","link":"https:\/\/brasil.wordcamp.org\/2026\/a-conferencia\/","title":{"rendered":"A confer\u00eancia"},"content":{"rendered":"\n<section class=\"wp-block-cover alignfull has-parallax\" style=\"margin-top:0;margin-bottom:0;padding-top:var(--wp--preset--spacing--50);padding-bottom:var(--wp--preset--spacing--50)\"><div role=\"img\" aria-label=\"WordCamp Brasil 2025, Audit\u00f3rio da UERJ\" class=\"wp-block-cover__image-background wp-image-1562 size-full has-parallax\" style=\"background-position:50% 50%;background-image:url(https:\/\/brasil.wordcamp.org\/2026\/files\/2026\/09\/wordcamp-dia-evento-5.webp)\"><\/div><span aria-hidden=\"true\" class=\"wp-block-cover__background has-background-dim-80 has-background-dim wp-block-cover__gradient-background has-background-gradient\" style=\"background:linear-gradient(135deg,rgb(245,101,48) 0%,rgb(0,89,93) 100%)\"><\/span><div class=\"wp-block-cover__inner-container has-global-padding is-layout-constrained wp-container-core-cover-is-layout-6bcd40f9 wp-block-cover-is-layout-constrained\">\n<h1 class=\"wp-block-heading has-text-align-center is-style-text-display has-x-large-font-size is-style-text-display--1\">o que \u00e9 o wordcamp?<\/h1>\n\n\n\n<p class=\"has-text-align-center has-large-font-size wp-block-paragraph\">Uma confer\u00eancia regional,&nbsp;<strong>sem fins lucrativos<\/strong>&nbsp;e&nbsp;<strong>informal<\/strong>, organizada pela comunidade de usu\u00e1rios do&nbsp;<strong>WordPress<\/strong>&nbsp;para promover e compartilhar conhecimento sobre a plataforma.<\/p>\n<\/div><\/section>\n\n\n\n<section id=\"local\" class=\"wp-block-group is-style-section-1 has-global-padding is-layout-constrained wp-container-core-group-is-layout-d017069a wp-block-group-is-layout-constrained is-style-section-1--2\" style=\"padding-top:var(--wp--preset--spacing--70);padding-right:var(--wp--preset--spacing--50);padding-bottom:var(--wp--preset--spacing--70);padding-left:var(--wp--preset--spacing--50)\">\n<h2 class=\"wp-block-heading\">O evento<\/h2>\n\n\n\n<figure data-wp-context=\"{&quot;imageId&quot;:&quot;6a9a89d7916b4&quot;}\" data-wp-interactive=\"core\/image\" data-wp-key=\"6a9a89d7916b4\" class=\"wp-block-image size-full wp-lightbox-container\"><img loading=\"lazy\" decoding=\"async\" width=\"1500\" height=\"542\" data-wp-class--hide=\"state.isContentHidden\" data-wp-class--show=\"state.isContentVisible\" data-wp-init=\"callbacks.setButtonStyles\" data-wp-on--click=\"actions.showLightbox\" data-wp-on--load=\"callbacks.setButtonStyles\" data-wp-on--pointerdown=\"actions.preloadImage\" data-wp-on--pointerenter=\"actions.preloadImageWithDelay\" data-wp-on--pointerleave=\"actions.cancelPreload\" data-wp-on-window--resize=\"callbacks.setButtonStyles\" src=\"https:\/\/brasil.wordcamp.org\/2026\/files\/2026\/09\/wordcamp-brasil-2025-dia-colaborador-1.webp\" alt=\"WordCamp Brasil 2025, Dia do colaborador\" class=\"wp-image-1564\" style=\"box-shadow:var(--wp--preset--shadow--shadow-4)\" srcset=\"https:\/\/brasil.wordcamp.org\/2026\/files\/2026\/09\/wordcamp-brasil-2025-dia-colaborador-1.webp 1500w, https:\/\/brasil.wordcamp.org\/2026\/files\/2026\/09\/wordcamp-brasil-2025-dia-colaborador-1-300x108.webp 300w, https:\/\/brasil.wordcamp.org\/2026\/files\/2026\/09\/wordcamp-brasil-2025-dia-colaborador-1-1024x370.webp 1024w, https:\/\/brasil.wordcamp.org\/2026\/files\/2026\/09\/wordcamp-brasil-2025-dia-colaborador-1-768x278.webp 768w, https:\/\/brasil.wordcamp.org\/2026\/files\/2026\/09\/wordcamp-brasil-2025-dia-colaborador-1-500x181.webp 500w\" sizes=\"auto, (max-width: 1500px) 100vw, 1500px\" \/><button\n\t\t\tclass=\"lightbox-trigger\"\n\t\t\ttype=\"button\"\n\t\t\taria-haspopup=\"dialog\"\n\t\t\tdata-wp-bind--aria-label=\"state.thisImage.triggerButtonAriaLabel\"\n\t\t\tdata-wp-init=\"callbacks.initTriggerButton\"\n\t\t\tdata-wp-on--click=\"actions.showLightbox\"\n\t\t\tdata-wp-style--right=\"state.thisImage.buttonRight\"\n\t\t\tdata-wp-style--top=\"state.thisImage.buttonTop\"\n\t\t>\n\t\t\t<svg xmlns=\"http:\/\/www.w3.org\/2000\/svg\" width=\"12\" height=\"12\" fill=\"none\" viewBox=\"0 0 12 12\">\n\t\t\t\t<path fill=\"#fff\" d=\"M2 0a2 2 0 0 0-2 2v2h1.5V2a.5.5 0 0 1 .5-.5h2V0H2Zm2 10.5H2a.5.5 0 0 1-.5-.5V8H0v2a2 2 0 0 0 2 2h2v-1.5ZM8 12v-1.5h2a.5.5 0 0 0 .5-.5V8H12v2a2 2 0 0 1-2 2H8Zm2-12a2 2 0 0 1 2 2v2h-1.5V2a.5.5 0 0 0-.5-.5H8V0h2Z\" \/>\n\t\t\t<\/svg>\n\t\t<\/button><\/figure>\n\n\n\n<p class=\"has-large-font-size wp-block-paragraph\">O <strong>WordCamp Brasil<\/strong> \u00e9 a confer\u00eancia nacional oficial voltada para usu\u00e1rios de WordPress, incluindo programadores, designers, criadores de conte\u00fado, profissionais de marketing e empreendedores de todo o pa\u00eds. O evento re\u00fane a comunidade para palestras, workshops e debates sobre as inova\u00e7\u00f5es, seguran\u00e7a e tend\u00eancias da web global.<\/p>\n\n\n\n<p class=\"has-large-font-size wp-block-paragraph\">O WordPress \u00e9 a plataforma que move a internet, sendo o sistema de gerenciamento de conte\u00fado (CMS) mais popular do mundo, utilizado em mais de <strong>41%<\/strong>\u00b9 de todos os sites existentes atualmente.<\/p>\n\n\n\n<figure data-wp-context=\"{&quot;galleryId&quot;:&quot;6a9a89d7919b6&quot;}\" data-wp-interactive=\"core\/gallery\" class=\"wp-block-gallery has-nested-images columns-default is-cropped wp-block-gallery-3 is-layout-flex wp-container-core-gallery-is-layout-c2457fcf wp-block-gallery-is-layout-flex\">\n<figure data-wp-context=\"{&quot;imageId&quot;:&quot;6a9a89d791e42&quot;}\" data-wp-interactive=\"core\/image\" data-wp-key=\"6a9a89d791e42\" class=\"wp-block-image size-large wp-lightbox-container\"><img loading=\"lazy\" decoding=\"async\" width=\"1024\" height=\"684\" data-wp-class--hide=\"state.isContentHidden\" data-wp-class--show=\"state.isContentVisible\" data-wp-init=\"callbacks.setButtonStyles\" data-wp-on--click=\"actions.showLightbox\" data-wp-on--load=\"callbacks.setButtonStyles\" data-wp-on--pointerdown=\"actions.preloadImage\" data-wp-on--pointerenter=\"actions.preloadImageWithDelay\" data-wp-on--pointerleave=\"actions.cancelPreload\" data-wp-on-window--resize=\"callbacks.setButtonStyles\" data-id=\"1565\" src=\"https:\/\/brasil.wordcamp.org\/2026\/files\/2026\/09\/wordcamp-dia-colaborador-7-1024x684.webp\" alt=\"Coffe Break ap\u00f3s o dia de colabora\u00e7\u00e3o no WordCamp Brasil de 2025.\" class=\"wp-image-1565\" style=\"box-shadow:var(--wp--preset--shadow--shadow-1);aspect-ratio:4\/3\" srcset=\"https:\/\/brasil.wordcamp.org\/2026\/files\/2026\/09\/wordcamp-dia-colaborador-7-1024x684.webp 1024w, https:\/\/brasil.wordcamp.org\/2026\/files\/2026\/09\/wordcamp-dia-colaborador-7-300x200.webp 300w, https:\/\/brasil.wordcamp.org\/2026\/files\/2026\/09\/wordcamp-dia-colaborador-7-768x513.webp 768w, https:\/\/brasil.wordcamp.org\/2026\/files\/2026\/09\/wordcamp-dia-colaborador-7-449x300.webp 449w, https:\/\/brasil.wordcamp.org\/2026\/files\/2026\/09\/wordcamp-dia-colaborador-7-1536x1026.webp 1536w, https:\/\/brasil.wordcamp.org\/2026\/files\/2026\/09\/wordcamp-dia-colaborador-7.webp 1920w\" sizes=\"auto, (max-width: 1024px) 100vw, 1024px\" \/><button\n\t\t\tclass=\"lightbox-trigger\"\n\t\t\ttype=\"button\"\n\t\t\taria-haspopup=\"dialog\"\n\t\t\tdata-wp-bind--aria-label=\"state.thisImage.triggerButtonAriaLabel\"\n\t\t\tdata-wp-init=\"callbacks.initTriggerButton\"\n\t\t\tdata-wp-on--click=\"actions.showLightbox\"\n\t\t\tdata-wp-style--right=\"state.thisImage.buttonRight\"\n\t\t\tdata-wp-style--top=\"state.thisImage.buttonTop\"\n\t\t>\n\t\t\t<svg xmlns=\"http:\/\/www.w3.org\/2000\/svg\" width=\"12\" height=\"12\" fill=\"none\" viewBox=\"0 0 12 12\">\n\t\t\t\t<path fill=\"#fff\" d=\"M2 0a2 2 0 0 0-2 2v2h1.5V2a.5.5 0 0 1 .5-.5h2V0H2Zm2 10.5H2a.5.5 0 0 1-.5-.5V8H0v2a2 2 0 0 0 2 2h2v-1.5ZM8 12v-1.5h2a.5.5 0 0 0 .5-.5V8H12v2a2 2 0 0 1-2 2H8Zm2-12a2 2 0 0 1 2 2v2h-1.5V2a.5.5 0 0 0-.5-.5H8V0h2Z\" \/>\n\t\t\t<\/svg>\n\t\t<\/button><\/figure>\n\n\n\n<figure data-wp-context=\"{&quot;imageId&quot;:&quot;6a9a89d792472&quot;}\" data-wp-interactive=\"core\/image\" data-wp-key=\"6a9a89d792472\" class=\"wp-block-image size-large wp-lightbox-container\"><img loading=\"lazy\" decoding=\"async\" width=\"1024\" height=\"684\" data-wp-class--hide=\"state.isContentHidden\" data-wp-class--show=\"state.isContentVisible\" data-wp-init=\"callbacks.setButtonStyles\" data-wp-on--click=\"actions.showLightbox\" data-wp-on--load=\"callbacks.setButtonStyles\" data-wp-on--pointerdown=\"actions.preloadImage\" data-wp-on--pointerenter=\"actions.preloadImageWithDelay\" data-wp-on--pointerleave=\"actions.cancelPreload\" data-wp-on-window--resize=\"callbacks.setButtonStyles\" data-id=\"1566\" src=\"https:\/\/brasil.wordcamp.org\/2026\/files\/2026\/09\/wordcamp-dia-colaborador-5-1024x684.webp\" alt=\"Participantes do dia de colabora\u00e7\u00e3o no WordCamp Brasil de 2025.\" class=\"wp-image-1566\" style=\"box-shadow:var(--wp--preset--shadow--shadow-4);aspect-ratio:4\/3\" srcset=\"https:\/\/brasil.wordcamp.org\/2026\/files\/2026\/09\/wordcamp-dia-colaborador-5-1024x684.webp 1024w, https:\/\/brasil.wordcamp.org\/2026\/files\/2026\/09\/wordcamp-dia-colaborador-5-300x200.webp 300w, https:\/\/brasil.wordcamp.org\/2026\/files\/2026\/09\/wordcamp-dia-colaborador-5-768x513.webp 768w, https:\/\/brasil.wordcamp.org\/2026\/files\/2026\/09\/wordcamp-dia-colaborador-5-449x300.webp 449w, https:\/\/brasil.wordcamp.org\/2026\/files\/2026\/09\/wordcamp-dia-colaborador-5-1536x1026.webp 1536w, https:\/\/brasil.wordcamp.org\/2026\/files\/2026\/09\/wordcamp-dia-colaborador-5.webp 1920w\" sizes=\"auto, (max-width: 1024px) 100vw, 1024px\" \/><button\n\t\t\tclass=\"lightbox-trigger\"\n\t\t\ttype=\"button\"\n\t\t\taria-haspopup=\"dialog\"\n\t\t\tdata-wp-bind--aria-label=\"state.thisImage.triggerButtonAriaLabel\"\n\t\t\tdata-wp-init=\"callbacks.initTriggerButton\"\n\t\t\tdata-wp-on--click=\"actions.showLightbox\"\n\t\t\tdata-wp-style--right=\"state.thisImage.buttonRight\"\n\t\t\tdata-wp-style--top=\"state.thisImage.buttonTop\"\n\t\t>\n\t\t\t<svg xmlns=\"http:\/\/www.w3.org\/2000\/svg\" width=\"12\" height=\"12\" fill=\"none\" viewBox=\"0 0 12 12\">\n\t\t\t\t<path fill=\"#fff\" d=\"M2 0a2 2 0 0 0-2 2v2h1.5V2a.5.5 0 0 1 .5-.5h2V0H2Zm2 10.5H2a.5.5 0 0 1-.5-.5V8H0v2a2 2 0 0 0 2 2h2v-1.5ZM8 12v-1.5h2a.5.5 0 0 0 .5-.5V8H12v2a2 2 0 0 1-2 2H8Zm2-12a2 2 0 0 1 2 2v2h-1.5V2a.5.5 0 0 0-.5-.5H8V0h2Z\" \/>\n\t\t\t<\/svg>\n\t\t<\/button><\/figure>\n\n\n\n<figure data-wp-context=\"{&quot;imageId&quot;:&quot;6a9a89d792a3c&quot;}\" data-wp-interactive=\"core\/image\" data-wp-key=\"6a9a89d792a3c\" class=\"wp-block-image size-large wp-lightbox-container\"><img loading=\"lazy\" decoding=\"async\" width=\"1024\" height=\"684\" data-wp-class--hide=\"state.isContentHidden\" data-wp-class--show=\"state.isContentVisible\" data-wp-init=\"callbacks.setButtonStyles\" data-wp-on--click=\"actions.showLightbox\" data-wp-on--load=\"callbacks.setButtonStyles\" data-wp-on--pointerdown=\"actions.preloadImage\" data-wp-on--pointerenter=\"actions.preloadImageWithDelay\" data-wp-on--pointerleave=\"actions.cancelPreload\" data-wp-on-window--resize=\"callbacks.setButtonStyles\" data-id=\"1567\" src=\"https:\/\/brasil.wordcamp.org\/2026\/files\/2026\/09\/wordcamp-dia-colaborador-3-1024x684.webp\" alt=\"Apresenta\u00e7\u00e3o do dia de colabora\u00e7\u00e3o no WordCamp Brasil de 2025.\" class=\"wp-image-1567\" style=\"box-shadow:var(--wp--preset--shadow--shadow-2);aspect-ratio:4\/3\" srcset=\"https:\/\/brasil.wordcamp.org\/2026\/files\/2026\/09\/wordcamp-dia-colaborador-3-1024x684.webp 1024w, https:\/\/brasil.wordcamp.org\/2026\/files\/2026\/09\/wordcamp-dia-colaborador-3-300x200.webp 300w, https:\/\/brasil.wordcamp.org\/2026\/files\/2026\/09\/wordcamp-dia-colaborador-3-768x513.webp 768w, https:\/\/brasil.wordcamp.org\/2026\/files\/2026\/09\/wordcamp-dia-colaborador-3-449x300.webp 449w, https:\/\/brasil.wordcamp.org\/2026\/files\/2026\/09\/wordcamp-dia-colaborador-3-1536x1026.webp 1536w, https:\/\/brasil.wordcamp.org\/2026\/files\/2026\/09\/wordcamp-dia-colaborador-3.webp 1920w\" sizes=\"auto, (max-width: 1024px) 100vw, 1024px\" \/><button\n\t\t\tclass=\"lightbox-trigger\"\n\t\t\ttype=\"button\"\n\t\t\taria-haspopup=\"dialog\"\n\t\t\tdata-wp-bind--aria-label=\"state.thisImage.triggerButtonAriaLabel\"\n\t\t\tdata-wp-init=\"callbacks.initTriggerButton\"\n\t\t\tdata-wp-on--click=\"actions.showLightbox\"\n\t\t\tdata-wp-style--right=\"state.thisImage.buttonRight\"\n\t\t\tdata-wp-style--top=\"state.thisImage.buttonTop\"\n\t\t>\n\t\t\t<svg xmlns=\"http:\/\/www.w3.org\/2000\/svg\" width=\"12\" height=\"12\" fill=\"none\" viewBox=\"0 0 12 12\">\n\t\t\t\t<path fill=\"#fff\" d=\"M2 0a2 2 0 0 0-2 2v2h1.5V2a.5.5 0 0 1 .5-.5h2V0H2Zm2 10.5H2a.5.5 0 0 1-.5-.5V8H0v2a2 2 0 0 0 2 2h2v-1.5ZM8 12v-1.5h2a.5.5 0 0 0 .5-.5V8H12v2a2 2 0 0 1-2 2H8Zm2-12a2 2 0 0 1 2 2v2h-1.5V2a.5.5 0 0 0-.5-.5H8V0h2Z\" \/>\n\t\t\t<\/svg>\n\t\t<\/button><\/figure>\n<\/figure>\n\n\n\n<p class=\"has-small-font-size wp-block-paragraph\">\u00b9 w3techs.com (Junho 2026)<\/p>\n<\/section>\n\n\n\n<section class=\"wp-block-group alignfull is-style-section-2 has-custom-white-background-color has-background has-global-padding is-layout-constrained wp-block-group-is-layout-constrained is-style-section-2--4\" id=\"cidade\" style=\"padding-top:var(--wp--preset--spacing--70);padding-bottom:var(--wp--preset--spacing--70)\">\n<div class=\"wp-block-columns are-vertically-aligned-center is-layout-flex wp-container-core-columns-is-layout-7da4030d wp-block-columns-is-layout-flex\" style=\"padding-right:var(--wp--preset--spacing--50);padding-left:var(--wp--preset--spacing--50)\">\n<div class=\"wp-block-column is-vertically-aligned-center is-layout-flow wp-block-column-is-layout-flow\">\n<h2 class=\"wp-block-heading\">O ecosistema<\/h2>\n\n\n\n<p class=\"has-large-font-size wp-block-paragraph\">Nossos participantes incluem desde desenvolvedores e profissionais renomados do mercado de tecnologia at\u00e9 criadores digitais, blogueiros e tomadores de decis\u00e3o em ag\u00eancias e grandes corpora\u00e7\u00f5es.<\/p>\n\n\n\n<p class=\"has-large-font-size wp-block-paragraph\">O WordPress \u00e9 a escolha de grandes marcas globais e nacionais, como NASA, New York Times, CNN, Forbes, GM, Sony e TechCrunch, consolidando sua robustez no mercado corporativo.<\/p>\n\n\n<\/div>\n\n\n\n<div class=\"wp-block-column is-vertically-aligned-center is-layout-flow wp-block-column-is-layout-flow\" style=\"flex-basis:40%\">\n<figure data-wp-context=\"{&quot;imageId&quot;:&quot;6a9a89d795675&quot;}\" data-wp-interactive=\"core\/image\" data-wp-key=\"6a9a89d795675\" class=\"wp-block-image size-large wp-lightbox-container\"><img loading=\"lazy\" decoding=\"async\" width=\"1024\" height=\"576\" data-wp-class--hide=\"state.isContentHidden\" data-wp-class--show=\"state.isContentVisible\" data-wp-init=\"callbacks.setButtonStyles\" data-wp-on--click=\"actions.showLightbox\" data-wp-on--load=\"callbacks.setButtonStyles\" data-wp-on--pointerdown=\"actions.preloadImage\" data-wp-on--pointerenter=\"actions.preloadImageWithDelay\" data-wp-on--pointerleave=\"actions.cancelPreload\" data-wp-on-window--resize=\"callbacks.setButtonStyles\" src=\"https:\/\/brasil.wordcamp.org\/2026\/files\/2026\/09\/wordcamp-brasil-2025-dia-colaborador-2-1024x576.webp\" alt=\"WordCamp Brasil 2025, Dia do colaborador\" class=\"wp-image-1563\" style=\"box-shadow:var(--wp--preset--shadow--shadow-1);aspect-ratio:4\/3;object-fit:cover\" srcset=\"https:\/\/brasil.wordcamp.org\/2026\/files\/2026\/09\/wordcamp-brasil-2025-dia-colaborador-2-1024x576.webp 1024w, https:\/\/brasil.wordcamp.org\/2026\/files\/2026\/09\/wordcamp-brasil-2025-dia-colaborador-2-300x169.webp 300w, https:\/\/brasil.wordcamp.org\/2026\/files\/2026\/09\/wordcamp-brasil-2025-dia-colaborador-2-768x432.webp 768w, https:\/\/brasil.wordcamp.org\/2026\/files\/2026\/09\/wordcamp-brasil-2025-dia-colaborador-2-500x281.webp 500w, https:\/\/brasil.wordcamp.org\/2026\/files\/2026\/09\/wordcamp-brasil-2025-dia-colaborador-2-1536x864.webp 1536w, https:\/\/brasil.wordcamp.org\/2026\/files\/2026\/09\/wordcamp-brasil-2025-dia-colaborador-2.webp 1600w\" sizes=\"auto, (max-width: 1024px) 100vw, 1024px\" \/><button\n\t\t\tclass=\"lightbox-trigger\"\n\t\t\ttype=\"button\"\n\t\t\taria-haspopup=\"dialog\"\n\t\t\tdata-wp-bind--aria-label=\"state.thisImage.triggerButtonAriaLabel\"\n\t\t\tdata-wp-init=\"callbacks.initTriggerButton\"\n\t\t\tdata-wp-on--click=\"actions.showLightbox\"\n\t\t\tdata-wp-style--right=\"state.thisImage.buttonRight\"\n\t\t\tdata-wp-style--top=\"state.thisImage.buttonTop\"\n\t\t>\n\t\t\t<svg xmlns=\"http:\/\/www.w3.org\/2000\/svg\" width=\"12\" height=\"12\" fill=\"none\" viewBox=\"0 0 12 12\">\n\t\t\t\t<path fill=\"#fff\" d=\"M2 0a2 2 0 0 0-2 2v2h1.5V2a.5.5 0 0 1 .5-.5h2V0H2Zm2 10.5H2a.5.5 0 0 1-.5-.5V8H0v2a2 2 0 0 0 2 2h2v-1.5ZM8 12v-1.5h2a.5.5 0 0 0 .5-.5V8H12v2a2 2 0 0 1-2 2H8Zm2-12a2 2 0 0 1 2 2v2h-1.5V2a.5.5 0 0 0-.5-.5H8V0h2Z\" \/>\n\t\t\t<\/svg>\n\t\t<\/button><\/figure>\n<\/div>\n<\/div>\n<\/section>\n\n\n\n<div class=\"wp-block-group alignfull is-style-section-3 has-global-padding is-layout-constrained wp-block-group-is-layout-constrained is-style-section-3--6\" id=\"quando\" style=\"padding-top:var(--wp--preset--spacing--70);padding-bottom:var(--wp--preset--spacing--70)\">\n<div class=\"wp-block-group has-global-padding is-layout-constrained wp-container-core-group-is-layout-dd0cf371 wp-block-group-is-layout-constrained\" style=\"padding-right:var(--wp--preset--spacing--50);padding-left:var(--wp--preset--spacing--50)\">\n<h2 class=\"wp-block-heading has-text-align-center\">Quando acontecer\u00e1<\/h2>\n\n\n\n<p class=\"has-text-align-center has-large-font-size wp-block-paragraph\" style=\"margin-top:var(--wp--preset--spacing--20);margin-bottom:var(--wp--preset--spacing--50)\">O evento ser\u00e1 realizado nos dias 30 e 31 de outubro de 2026.<\/p>\n\n\n\n<div class=\"wp-block-columns is-layout-flex wp-container-core-columns-is-layout-930feb06 wp-block-columns-is-layout-flex\">\n<div class=\"wp-block-column is-layout-flow wp-block-column-is-layout-flow\">\n<figure class=\"wp-block-image size-large\"><img loading=\"lazy\" decoding=\"async\" width=\"1024\" height=\"684\" src=\"https:\/\/brasil.wordcamp.org\/2026\/files\/2026\/09\/wordcamp-dia-colaborador-11-1024x684.webp\" alt=\"Dia do colaborador\" class=\"wp-image-1568\" style=\"box-shadow:var(--wp--preset--shadow--shadow-4);aspect-ratio:16\/9;object-fit:cover\" srcset=\"https:\/\/brasil.wordcamp.org\/2026\/files\/2026\/09\/wordcamp-dia-colaborador-11-1024x684.webp 1024w, https:\/\/brasil.wordcamp.org\/2026\/files\/2026\/09\/wordcamp-dia-colaborador-11-300x200.webp 300w, https:\/\/brasil.wordcamp.org\/2026\/files\/2026\/09\/wordcamp-dia-colaborador-11-768x513.webp 768w, https:\/\/brasil.wordcamp.org\/2026\/files\/2026\/09\/wordcamp-dia-colaborador-11-449x300.webp 449w, https:\/\/brasil.wordcamp.org\/2026\/files\/2026\/09\/wordcamp-dia-colaborador-11-1536x1026.webp 1536w, https:\/\/brasil.wordcamp.org\/2026\/files\/2026\/09\/wordcamp-dia-colaborador-11.webp 1920w\" sizes=\"auto, (max-width: 1024px) 100vw, 1024px\" \/><\/figure>\n\n\n\n<h3 class=\"wp-block-heading is-style-default has-large-font-size\">Dia da colabora\u00e7\u00e3o<\/h3>\n\n\n\n<p class=\"wp-block-paragraph\" style=\"border-left-color:var(--wp--preset--color--custom-sand-100);border-left-width:2px;margin-top:var(--wp--preset--spacing--20);padding-left:8px\"><strong>Sexta-feira (30\/10) &#8211; 13:00-18:00 *<\/strong><\/p>\n\n\n\n<p class=\"wp-block-paragraph\" style=\"margin-top:var(--wp--preset--spacing--20);margin-bottom:0\">Um dia pr\u00e1tico de imers\u00e3o e colabora\u00e7\u00e3o, reunindo a comunidade para contribuir diretamente com o ecossistema global do WordPress.<\/p>\n<\/div>\n\n\n\n<div class=\"wp-block-column is-layout-flow wp-block-column-is-layout-flow\">\n<figure class=\"wp-block-image size-large\"><img loading=\"lazy\" decoding=\"async\" width=\"1024\" height=\"576\" src=\"https:\/\/brasil.wordcamp.org\/2026\/files\/2026\/09\/wordcamp-dia-evento-7-close-16x9-1-1024x576.webp\" alt=\"WordCamp Brasil 2025 - audit\u00f3rio da UERJ\" class=\"wp-image-1569\" style=\"box-shadow:var(--wp--preset--shadow--shadow-4);aspect-ratio:16\/9;object-fit:cover\" srcset=\"https:\/\/brasil.wordcamp.org\/2026\/files\/2026\/09\/wordcamp-dia-evento-7-close-16x9-1-1024x576.webp 1024w, https:\/\/brasil.wordcamp.org\/2026\/files\/2026\/09\/wordcamp-dia-evento-7-close-16x9-1-300x169.webp 300w, https:\/\/brasil.wordcamp.org\/2026\/files\/2026\/09\/wordcamp-dia-evento-7-close-16x9-1-768x432.webp 768w, https:\/\/brasil.wordcamp.org\/2026\/files\/2026\/09\/wordcamp-dia-evento-7-close-16x9-1-500x281.webp 500w, https:\/\/brasil.wordcamp.org\/2026\/files\/2026\/09\/wordcamp-dia-evento-7-close-16x9-1.webp 1200w\" sizes=\"auto, (max-width: 1024px) 100vw, 1024px\" \/><\/figure>\n\n\n\n<h3 class=\"wp-block-heading\">Palestras e networking<\/h3>\n\n\n\n<p class=\"wp-block-paragraph\" style=\"border-left-color:var(--wp--preset--color--custom-sand-100);border-left-width:2px;margin-top:var(--wp--preset--spacing--20);padding-left:8px\"><strong>S\u00e1bado (31\/10) &#8211; 8:00-18:00 *<\/strong><\/p>\n\n\n\n<p class=\"wp-block-paragraph\" style=\"margin-top:var(--wp--preset--spacing--20)\">O dia principal do evento. Contar\u00e1 com palestras simult\u00e2neas divididas em duas trilhas de conhecimento focadas em tecnologia, neg\u00f3cios, design e tend\u00eancias.<\/p>\n<\/div>\n<\/div>\n\n\n\n<p class=\"has-text-align-left has-small-font-size wp-block-paragraph\">* hor\u00e1rio sujeito a altera\u00e7\u00e3o<\/p>\n<\/div>\n<\/div>\n\n\n\n<div class=\"wp-block-group alignfull is-style-section-1 has-global-padding is-layout-constrained wp-block-group-is-layout-constrained is-style-section-1--7\">\n<div class=\"wp-block-group is-vertical is-layout-flex wp-container-core-group-is-layout-dd878d65 wp-block-group-is-layout-flex\" style=\"padding-right:var(--wp--preset--spacing--50);padding-left:var(--wp--preset--spacing--50)\">\n<div class=\"wp-block-columns are-vertically-aligned-center is-layout-flex wp-container-core-columns-is-layout-1fc2ee78 wp-block-columns-is-layout-flex\" style=\"padding-right:0;padding-left:0\">\n<div class=\"wp-block-column is-vertically-aligned-center is-layout-flow wp-block-column-is-layout-flow\" style=\"flex-basis:66.66%\">\n<h2 class=\"wp-block-heading\">Edi\u00e7\u00f5es anteriores<\/h2>\n\n\n\n<p class=\"has-large-font-size wp-block-paragraph\">A comunidade WordPress de Belo Horizonte tem experi\u00eancia na organiza\u00e7\u00e3o de eventos, <a href=\"https:\/\/www.meetup.com\/wordpressbelohorizonte\/\" data-type=\"link\" data-id=\"https:\/\/www.meetup.com\/wordpressbelohorizonte\/\" target=\"_blank\" rel=\"noopener\">tendo encontros mensais<\/a> e WordCamps em <a href=\"https:\/\/belohorizonte.wordcamp.org\/2014\/\" target=\"_blank\" rel=\"noopener\">2014<\/a>, <a href=\"https:\/\/belohorizonte.wordcamp.org\/2015\/\" target=\"_blank\" rel=\"noopener\">2015<\/a>, e <a href=\"https:\/\/belohorizonte.wordcamp.org\/2016\/\" target=\"_blank\" rel=\"noopener\">2016<\/a>.<\/p>\n\n\n\n<p class=\"has-large-font-size wp-block-paragraph\">O primeiro WordCamp Brasil aconteceu em 2009, em S\u00e3o Paulo, e o <a href=\"https:\/\/brasil.wordcamp.org\/2025\/\" target=\"_blank\" rel=\"noopener\">\u00faltimo em 2025<\/a>, no Rio de Janeiro, reunindo mais de 130 pessoas em dois dias de evento memor\u00e1veis.<\/p>\n\n\n\n<p class=\"has-large-font-size wp-block-paragraph\">Em 2026, a comiss\u00e3o organizadora une for\u00e7as com l\u00edderes e volunt\u00e1rios de comunidades de todo o pa\u00eds (Belo Horizonte, Rio de Janeiro, S\u00e3o Paulo, Curitiba, e Joinville) para entregar a maior edi\u00e7\u00e3o nacional j\u00e1 realizada.<\/p>\n<\/div>\n\n\n\n<div class=\"wp-block-column is-vertically-aligned-center is-layout-flow wp-block-column-is-layout-flow\" style=\"flex-basis:33.33%\">\n<figure class=\"wp-block-image size-full is-resized\"><img loading=\"lazy\" decoding=\"async\" width=\"512\" height=\"512\" src=\"https:\/\/brasil.wordcamp.org\/2026\/files\/2026\/07\/logo-icon.png\" alt=\"\" class=\"wp-image-124\" style=\"object-fit:cover;width:240px;height:240px\" srcset=\"https:\/\/brasil.wordcamp.org\/2026\/files\/2026\/07\/logo-icon.png 512w, https:\/\/brasil.wordcamp.org\/2026\/files\/2026\/07\/logo-icon-300x300.png 300w, https:\/\/brasil.wordcamp.org\/2026\/files\/2026\/07\/logo-icon-150x150.png 150w\" sizes=\"auto, (max-width: 512px) 100vw, 512px\" \/><\/figure>\n<\/div>\n<\/div>\n\n\n\n<figure class=\"wp-block-gallery has-nested-images columns-default is-cropped wp-block-gallery-8 is-layout-flex wp-container-core-gallery-is-layout-c2457fcf wp-block-gallery-is-layout-flex\" style=\"border-top-left-radius:0px;border-top-right-radius:0px;border-bottom-left-radius:0px;border-bottom-right-radius:0px\">\n<figure class=\"wp-block-image size-full has-custom-border\"><img loading=\"lazy\" decoding=\"async\" width=\"270\" height=\"270\" data-id=\"1572\" src=\"https:\/\/brasil.wordcamp.org\/2026\/files\/2026\/09\/wc-brasil-2009.webp\" alt=\"WordCamp Brasil de 2009\" class=\"wp-image-1572\" style=\"border-top-left-radius:6px;border-top-right-radius:6px;border-bottom-left-radius:6px;border-bottom-right-radius:6px;box-shadow:var(--wp--preset--shadow--shadow-1)\" srcset=\"https:\/\/brasil.wordcamp.org\/2026\/files\/2026\/09\/wc-brasil-2009.webp 270w, https:\/\/brasil.wordcamp.org\/2026\/files\/2026\/09\/wc-brasil-2009-150x150.webp 150w\" sizes=\"auto, (max-width: 270px) 100vw, 270px\" \/><figcaption class=\"wp-element-caption\">WordCamp Brasil de 2009<\/figcaption><\/figure>\n\n\n\n<figure class=\"wp-block-image size-full has-custom-border is-style-default\"><img loading=\"lazy\" decoding=\"async\" width=\"270\" height=\"270\" data-id=\"1571\" src=\"https:\/\/brasil.wordcamp.org\/2026\/files\/2026\/09\/wc-sao-paulo-2012.webp\" alt=\"WordCamp S\u00e3o Paulo de 2012\" class=\"wp-image-1571\" style=\"border-top-left-radius:6px;border-top-right-radius:6px;border-bottom-left-radius:6px;border-bottom-right-radius:6px;box-shadow:var(--wp--preset--shadow--shadow-4)\" srcset=\"https:\/\/brasil.wordcamp.org\/2026\/files\/2026\/09\/wc-sao-paulo-2012.webp 270w, https:\/\/brasil.wordcamp.org\/2026\/files\/2026\/09\/wc-sao-paulo-2012-150x150.webp 150w\" sizes=\"auto, (max-width: 270px) 100vw, 270px\" \/><figcaption class=\"wp-element-caption\">WordCamp S\u00e3o Paulo de 2012<\/figcaption><\/figure>\n\n\n\n<figure class=\"wp-block-image size-full has-custom-border\"><img loading=\"lazy\" decoding=\"async\" width=\"2048\" height=\"1365\" data-id=\"916\" src=\"https:\/\/brasil.wordcamp.org\/2026\/files\/2026\/08\/Networking-com-Patrocinador.jpg\" alt=\"WordCamp Brasil de 2025\" class=\"wp-image-916\" style=\"border-top-left-radius:6px;border-top-right-radius:6px;border-bottom-left-radius:6px;border-bottom-right-radius:6px;box-shadow:var(--wp--preset--shadow--shadow-2)\" srcset=\"https:\/\/brasil.wordcamp.org\/2026\/files\/2026\/08\/Networking-com-Patrocinador.jpg 2048w, https:\/\/brasil.wordcamp.org\/2026\/files\/2026\/08\/Networking-com-Patrocinador-300x200.jpg 300w, https:\/\/brasil.wordcamp.org\/2026\/files\/2026\/08\/Networking-com-Patrocinador-1024x683.jpg 1024w, https:\/\/brasil.wordcamp.org\/2026\/files\/2026\/08\/Networking-com-Patrocinador-768x512.jpg 768w, https:\/\/brasil.wordcamp.org\/2026\/files\/2026\/08\/Networking-com-Patrocinador-450x300.jpg 450w, https:\/\/brasil.wordcamp.org\/2026\/files\/2026\/08\/Networking-com-Patrocinador-1536x1024.jpg 1536w\" sizes=\"auto, (max-width: 2048px) 100vw, 2048px\" \/><figcaption class=\"wp-element-caption\">WordCamp Brasil de 2025<\/figcaption><\/figure>\n<\/figure>\n<\/div>\n<\/div>\n\n\n\n<p class=\"wp-block-paragraph\"><\/p>\n","protected":false},"excerpt":{"rendered":"<p>O evento O WordCamp Brasil \u00e9 a confer\u00eancia nacional oficial voltada para usu\u00e1rios de WordPress, incluindo programadores, designers, criadores de conte\u00fado, profissionais de marketing e empreendedores de todo o pa\u00eds. O evento re\u00fane a comunidade para palestras, workshops e debates sobre as inova\u00e7\u00f5es, seguran\u00e7a e tend\u00eancias da web global. O WordPress \u00e9 a plataforma que [&hellip;]<\/p>\n","protected":false},"author":13917967,"featured_media":1562,"parent":0,"menu_order":0,"comment_status":"closed","ping_status":"closed","template":"page-no-title","meta":{"advanced_seo_description":"","jetpack_seo_html_title":"","jetpack_seo_noindex":false,"jetpack_seo_schema_type":"","_nakedcatplugins_page_lang":"","_nakedcatplugins_page_dir":"ltr","footnotes":""},"class_list":["post-1554","page","type-page","status-publish","has-post-thumbnail","hentry"],"jetpack_sharing_enabled":true,"jetpack_shortlink":"https:\/\/wp.me\/Phj3bh-p4","_links":{"self":[{"href":"https:\/\/brasil.wordcamp.org\/2026\/wp-json\/wp\/v2\/pages\/1554","targetHints":{"allow":["GET"]}}],"collection":[{"href":"https:\/\/brasil.wordcamp.org\/2026\/wp-json\/wp\/v2\/pages"}],"about":[{"href":"https:\/\/brasil.wordcamp.org\/2026\/wp-json\/wp\/v2\/types\/page"}],"author":[{"embeddable":true,"href":"https:\/\/brasil.wordcamp.org\/2026\/wp-json\/wp\/v2\/users\/13917967"}],"replies":[{"embeddable":true,"href":"https:\/\/brasil.wordcamp.org\/2026\/wp-json\/wp\/v2\/comments?post=1554"}],"version-history":[{"count":19,"href":"https:\/\/brasil.wordcamp.org\/2026\/wp-json\/wp\/v2\/pages\/1554\/revisions"}],"predecessor-version":[{"id":1665,"href":"https:\/\/brasil.wordcamp.org\/2026\/wp-json\/wp\/v2\/pages\/1554\/revisions\/1665"}],"wp:featuredmedia":[{"embeddable":true,"href":"https:\/\/brasil.wordcamp.org\/2026\/wp-json\/wp\/v2\/media\/1562"}],"wp:attachment":[{"href":"https:\/\/brasil.wordcamp.org\/2026\/wp-json\/wp\/v2\/media?parent=1554"}],"curies":[{"name":"wp","href":"https:\/\/api.w.org\/{rel}","templated":true}]}}